{"id":1600,"date":"2024-05-15T10:44:45","date_gmt":"2024-05-15T10:44:45","guid":{"rendered":"https:\/\/www.windowglass.sk\/velkoobchod\/biztonsagi-szemuveg\/"},"modified":"2024-05-15T10:44:45","modified_gmt":"2024-05-15T10:44:45","slug":"biztonsagi-szemuveg","status":"publish","type":"wholesale","link":"https:\/\/www.windowglass.sk\/hu\/velkoobchod\/biztonsagi-szemuveg\/","title":{"rendered":"Biztons\u00e1gi szem\u00fcveg"},"content":{"rendered":"<h3 style=\"text-align: justify;\"><strong>Ragasztott biztons\u00e1gi \u00fcveg &#8211; LAMI GLASS<\/strong><\/h3>\n<p style=\"text-align: justify;\">A mai \u00e9p\u00edt\u0151ipart el sem tudn\u00e1nk k\u00e9pzelni \u00fcveg mint \u00e9p\u00edt\u0151anyag n\u00e9lk\u00fcl.<br \/>\nA speci\u00e1lisan tervezett, modern, t\u00e1gas, term\u00e9szetes f\u00e9nyt sug\u00e1rz\u00f3 \u00e9p\u00fcletek funkcion\u00e1lis \u00fcveganyagot ig\u00e9nyelnek.<br \/>\nA ragasztott biztons\u00e1gi \u00fcveg, mint egyetlen, a norm\u00e1l \u00fcvegt\u0151l megk\u00fcl\u00f6nb\u00f6ztethetetlen anyag, a modern ablakokkal szemben t\u00e1masztott sz\u00e1mos k\u00fcl\u00f6nb\u00f6z\u0151 tervez\u00e9si k\u00f6vetelm\u00e9nyt kiel\u00e9g\u00edt, mint p\u00e9ld\u00e1ul a napenergia-nyeres\u00e9g, a f\u00e9nyszab\u00e1lyoz\u00e1s, a napenergia meg\u0151rz\u00e9se, mik\u00f6zben biztons\u00e1got ny\u00fajt az \u00e9p\u00fcletben tart\u00f3zkod\u00f3knak.  <\/p>\n<table width=\"909\">\n<tbody>\n<tr>\n<td width=\"202\"><strong>BIZTONS\u00c1GI \u00dcVEG<\/strong><\/td>\n<td style=\"text-align: center;\" width=\"206\"><strong>VASTAGS\u00c1G MM<\/strong><\/td>\n<td style=\"text-align: center;\" width=\"128\"><strong>M\u00c9RET MM<\/strong><\/td>\n<\/tr>\n<tr>\n<td rowspan=\"3\" width=\"202\">Ragasztott BS<\/td>\n<td style=\"text-align: center;\">3.3.1<\/td>\n<td style=\"text-align: center;\" width=\"128\">1605\u00d72250 \/ 2550<\/td>\n<\/tr>\n<tr>\n<td style=\"text-align: center;\" width=\"206\">4.4.1<\/td>\n<td style=\"text-align: center;\" width=\"128\">3210\u00d72000 \/ 2250<\/td>\n<\/tr>\n<tr>\n<td style=\"text-align: center;\" width=\"206\">5.5.1<\/td>\n<td style=\"text-align: center;\" width=\"128\">3210\u00d72250<\/td>\n<\/tr>\n<tr>\n<td width=\"202\">Ragasztott BS tejf\u00f3lia<\/td>\n<td style=\"text-align: center;\" width=\"206\">3.3.1, 4.4.1, 5.5.1<\/td>\n<td style=\"text-align: center;\" width=\"128\">3210<\/td>\n<\/tr>\n<\/tbody>\n<\/table>\n<h3 style=\"text-align: justify;\"><strong>A k\u00f6t\u00e9si folyamat<\/strong><\/h3>\n<p style=\"text-align: justify;\">Az \u00fcveg k\u00edv\u00e1nt tulajdons\u00e1gait\u00f3l f\u00fcgg\u0151en legal\u00e1bb k\u00e9t \u00fcvegt\u00e1bl\u00e1t ragasztanak \u00f6ssze egy r\u00e9teg rendk\u00edv\u00fcl vastag, \u00e1ttetsz\u0151 polivinil-butir\u00e1l (PVB) tart\u00f3s r\u00f6gz\u00edt\u00e9ssel.<br \/>\nA ragaszt\u00e1s el\u0151tt minden \u00fcvegt\u00e1bl\u00e1t \u00e9s a PVB-f\u00f3li\u00e1t gondosan \u00e9s k\u00f6rnyezetbar\u00e1t m\u00f3don tisztaszob\u00e1ban \u00e1tmoss\u00e1k.<br \/>\nAz \u00f6sszeszerel\u00e9st k\u00f6vet\u0151en az \u00fcvegt\u00e1bl\u00e1k tart\u00f3san \u00f6ssze vannak ragasztva egym\u00e1ssal, megemelt h\u0151m\u00e9rs\u00e9kleten \u00e9s nyom\u00e1son.<br \/>\nIly m\u00f3don t\u00f6bbf\u00e9le t\u00edpus\u00fa, vastags\u00e1g\u00fa \u00fcveg \u00e9s k\u00fcl\u00f6nb\u00f6z\u0151 sz\u00edn\u0171 f\u00f3lia kombin\u00e1lhat\u00f3 az \u00fcvegek k\u00f6z\u00f6tt, hogy egyetlen \u00fcvegt\u00e1bla j\u00f6jj\u00f6n l\u00e9tre nagyon k\u00fcl\u00f6nleges tulajdons\u00e1gokkal \u00e9s k\u00fcl\u00f6nb\u00f6z\u0151 alkalmaz\u00e1sokkal.   <\/p>\n<h3 style=\"text-align: justify;\"><strong>Jellemz\u0151k<\/strong><\/h3>\n<ul>\n<li style=\"text-align: justify;\">Megk\u00fcl\u00f6nb\u00f6ztethetetlen az ugyanolyan vastag monolitikus \u00fcvegt\u0151l.<\/li>\n<li style=\"text-align: justify;\">Biztons\u00e1gosan t\u00f6rik, a t\u00f6r\u00f6tt \u00fcvegdarabok a k\u00f6z\u00e9ps\u0151 r\u00e9teghez tapadnak, cs\u00f6kkentve a v\u00e1g\u00e1sok \u00e9s sz\u00fart sebek kock\u00e1zat\u00e1t.<\/li>\n<li style=\"text-align: justify;\">Ellen\u00e1ll a behatol\u00e1snak, g\u00e1tat k\u00e9pez az emberi \u00e9s t\u00e1rgyi behatol\u00e1s ellen.<\/li>\n<li style=\"text-align: justify;\">Megfelel\u0151 be\u00e9p\u00edt\u00e9s eset\u00e9n a ragasztott \u00fcveg \u00e1ltal\u00e1ban a t\u00f6r\u00e9s ut\u00e1n is a keretben marad, meghagyva az \u00e9p\u00fclet integrit\u00e1s\u00e1t, \u00e9s tov\u00e1bbra is norm\u00e1l \u00fcvegk\u00e9nt m\u0171k\u00f6dik.<\/li>\n<li style=\"text-align: justify;\">Biztons\u00e1got ny\u00fajt vandalizmus, sz\u00e1nd\u00e9kos fizikai t\u00e1mad\u00e1s, s\u0151t, ak\u00e1r l\u0151fegyverek ellen is.<\/li>\n<li style=\"text-align: justify;\">Zajcsillap\u00edt\u00e1s.<\/li>\n<li style=\"text-align: justify;\">Biztons\u00e1got ny\u00fajt a k\u00e1ros UV-sugarak ellen.<\/li>\n<li style=\"text-align: justify;\">A t\u00edpusok sz\u00e9les v\u00e1laszt\u00e9ka kiel\u00e9g\u00edti a k\u00fcl\u00f6nb\u00f6z\u0151 tervez\u00e9si k\u00f6vetelm\u00e9nyeket.<\/li>\n<\/ul>\n<h3 style=\"text-align: justify;\"><strong>Alkalmaz\u00e1si ter\u00fclet<\/strong><\/h3>\n<ul>\n<li style=\"text-align: justify;\">B\u00e1rmelyik ablakrendszerben.<\/li>\n<li style=\"text-align: justify;\">Tet\u0151 \u00e9s hagyom\u00e1nyos ablakok.<\/li>\n<li style=\"text-align: justify;\">Az emberi behatol\u00e1s vesz\u00e9ly\u00e9vel fenyeget\u0151 ter\u00fcletek \u00fcvegez\u00e9se.<\/li>\n<li style=\"text-align: justify;\">Az egyes padl\u00f3kat v\u00e9d\u0151 \u00fcvegezett padl\u00f3k.<\/li>\n<li style=\"text-align: justify;\">Vandalizmus vesz\u00e9ly\u00e9nek kitett helyis\u00e9gek.<\/li>\n<li style=\"text-align: justify;\">T\u00e1mad\u00e1s elleni v\u00e9delmet ig\u00e9nyl\u0151 helyis\u00e9gek.<\/li>\n<li style=\"text-align: justify;\">\u00dcvegpadl\u00f3.<\/li>\n<li style=\"text-align: justify;\">\u00dcvegez\u00e9s a padl\u00f3t\u00f3l a mennyezetig.<\/li>\n<li style=\"text-align: justify;\">Ajt\u00f3k, b\u00fatorok \u00e9s v\u00e1laszfalak.<\/li>\n<li style=\"text-align: justify;\">Akv\u00e1riumok.<\/li>\n<li style=\"text-align: justify;\">Hangszigetelt \u00fcvegez\u00e9s.<\/li>\n<li style=\"text-align: justify;\">Sz\u0171ri az UV-sugarakat \u00e9s cs\u00f6kkenti a text\u00edli\u00e1k kifakul\u00e1s\u00e1t.<\/li>\n<\/ul>\n","protected":false},"featured_media":957,"template":"","meta":{"_acf_changed":false,"inline_featured_image":false},"class_list":["post-1600","wholesale","type-wholesale","status-publish","has-post-thumbnail","hentry"],"acf":[],"yoast_head":"<!-- This site is optimized with the Yoast SEO plugin v25.0 - https:\/\/yoast.com\/wordpress\/plugins\/seo\/ -->\n<title>Biztons\u00e1gi szem\u00fcveg | WINDOW GLASS<\/title>\n<meta name=\"description\" content=\"A ragasztott biztons\u00e1gi \u00fcveg az egyetlen olyan anyag, amely megk\u00fcl\u00f6nb\u00f6ztethetetlen a norm\u00e1l \u00fcvegt\u0151l. Biztons\u00e1got ny\u00fajt vandalizmus, sz\u00e1nd\u00e9kos t\u00e1mad\u00e1s ellen.\" \/>\n<meta name=\"robots\" content=\"index, follow, max-snippet:-1, max-image-preview:large, max-video-preview:-1\" \/>\n<link rel=\"canonical\" href=\"https:\/\/www.windowglass.sk\/hu\/velkoobchod\/biztonsagi-szemuveg\/\" \/>\n<meta property=\"og:locale\" content=\"hu_HU\" \/>\n<meta property=\"og:type\" content=\"article\" \/>\n<meta property=\"og:title\" content=\"Biztons\u00e1gi szem\u00fcveg | WINDOW GLASS\" \/>\n<meta property=\"og:description\" content=\"A ragasztott biztons\u00e1gi \u00fcveg az egyetlen olyan anyag, amely megk\u00fcl\u00f6nb\u00f6ztethetetlen a norm\u00e1l \u00fcvegt\u0151l. Biztons\u00e1got ny\u00fajt vandalizmus, sz\u00e1nd\u00e9kos t\u00e1mad\u00e1s ellen.\" \/>\n<meta property=\"og:url\" content=\"https:\/\/www.windowglass.sk\/hu\/velkoobchod\/biztonsagi-szemuveg\/\" \/>\n<meta property=\"og:site_name\" content=\"WINDOW GLASS\" \/>\n<meta property=\"article:publisher\" content=\"https:\/\/www.facebook.com\/windowglasssro\" \/>\n<meta property=\"og:image\" content=\"https:\/\/www.windowglass.sk\/wp-content\/uploads\/2024\/05\/low-angle-tall-building-with-many-windows-1-3.png\" \/>\n\t<meta property=\"og:image:width\" content=\"1526\" \/>\n\t<meta property=\"og:image:height\" content=\"562\" \/>\n\t<meta property=\"og:image:type\" content=\"image\/png\" \/>\n<meta name=\"twitter:card\" content=\"summary_large_image\" \/>\n<meta name=\"twitter:label1\" content=\"Becs\u00fclt olvas\u00e1si id\u0151\" \/>\n\t<meta name=\"twitter:data1\" content=\"3 perc\" \/>\n<script type=\"application\/ld+json\" class=\"yoast-schema-graph\">{\"@context\":\"https:\/\/schema.org\",\"@graph\":[{\"@type\":\"WebPage\",\"@id\":\"https:\/\/www.windowglass.sk\/hu\/velkoobchod\/biztonsagi-szemuveg\/\",\"url\":\"https:\/\/www.windowglass.sk\/hu\/velkoobchod\/biztonsagi-szemuveg\/\",\"name\":\"Biztons\u00e1gi szem\u00fcveg | WINDOW GLASS\",\"isPartOf\":{\"@id\":\"https:\/\/www.windowglass.sk\/hu\/#website\"},\"primaryImageOfPage\":{\"@id\":\"https:\/\/www.windowglass.sk\/hu\/velkoobchod\/biztonsagi-szemuveg\/#primaryimage\"},\"image\":{\"@id\":\"https:\/\/www.windowglass.sk\/hu\/velkoobchod\/biztonsagi-szemuveg\/#primaryimage\"},\"thumbnailUrl\":\"https:\/\/www.windowglass.sk\/wp-content\/uploads\/2024\/05\/low-angle-tall-building-with-many-windows-1-3.png\",\"datePublished\":\"2024-05-15T10:44:45+00:00\",\"description\":\"A ragasztott biztons\u00e1gi \u00fcveg az egyetlen olyan anyag, amely megk\u00fcl\u00f6nb\u00f6ztethetetlen a norm\u00e1l \u00fcvegt\u0151l. Biztons\u00e1got ny\u00fajt vandalizmus, sz\u00e1nd\u00e9kos t\u00e1mad\u00e1s ellen.\",\"breadcrumb\":{\"@id\":\"https:\/\/www.windowglass.sk\/hu\/velkoobchod\/biztonsagi-szemuveg\/#breadcrumb\"},\"inLanguage\":\"hu\",\"potentialAction\":[{\"@type\":\"ReadAction\",\"target\":[\"https:\/\/www.windowglass.sk\/hu\/velkoobchod\/biztonsagi-szemuveg\/\"]}]},{\"@type\":\"ImageObject\",\"inLanguage\":\"hu\",\"@id\":\"https:\/\/www.windowglass.sk\/hu\/velkoobchod\/biztonsagi-szemuveg\/#primaryimage\",\"url\":\"https:\/\/www.windowglass.sk\/wp-content\/uploads\/2024\/05\/low-angle-tall-building-with-many-windows-1-3.png\",\"contentUrl\":\"https:\/\/www.windowglass.sk\/wp-content\/uploads\/2024\/05\/low-angle-tall-building-with-many-windows-1-3.png\",\"width\":1526,\"height\":562},{\"@type\":\"BreadcrumbList\",\"@id\":\"https:\/\/www.windowglass.sk\/hu\/velkoobchod\/biztonsagi-szemuveg\/#breadcrumb\",\"itemListElement\":[{\"@type\":\"ListItem\",\"position\":1,\"name\":\"Home\",\"item\":\"https:\/\/www.windowglass.sk\/hu\/\"},{\"@type\":\"ListItem\",\"position\":2,\"name\":\"Biztons\u00e1gi szem\u00fcveg\"}]},{\"@type\":\"WebSite\",\"@id\":\"https:\/\/www.windowglass.sk\/hu\/#website\",\"url\":\"https:\/\/www.windowglass.sk\/hu\/\",\"name\":\"Windowglass\",\"description\":\"\",\"publisher\":{\"@id\":\"https:\/\/www.windowglass.sk\/hu\/#organization\"},\"potentialAction\":[{\"@type\":\"SearchAction\",\"target\":{\"@type\":\"EntryPoint\",\"urlTemplate\":\"https:\/\/www.windowglass.sk\/hu\/?s={search_term_string}\"},\"query-input\":{\"@type\":\"PropertyValueSpecification\",\"valueRequired\":true,\"valueName\":\"search_term_string\"}}],\"inLanguage\":\"hu\"},{\"@type\":\"Organization\",\"@id\":\"https:\/\/www.windowglass.sk\/hu\/#organization\",\"name\":\"WINDOW GLASS, s.r.o.\",\"url\":\"https:\/\/www.windowglass.sk\/hu\/\",\"logo\":{\"@type\":\"ImageObject\",\"inLanguage\":\"hu\",\"@id\":\"https:\/\/www.windowglass.sk\/hu\/#\/schema\/logo\/image\/\",\"url\":\"https:\/\/www.windowglass.sk\/wp-content\/uploads\/2024\/05\/fav.svg\",\"contentUrl\":\"https:\/\/www.windowglass.sk\/wp-content\/uploads\/2024\/05\/fav.svg\",\"width\":77,\"height\":43,\"caption\":\"WINDOW GLASS, s.r.o.\"},\"image\":{\"@id\":\"https:\/\/www.windowglass.sk\/hu\/#\/schema\/logo\/image\/\"},\"sameAs\":[\"https:\/\/www.facebook.com\/windowglasssro\",\"https:\/\/www.linkedin.com\/company\/window-glass-s-r-o\/\"]}]}<\/script>\n<!-- \/ Yoast SEO plugin. -->","yoast_head_json":{"title":"Biztons\u00e1gi szem\u00fcveg | WINDOW GLASS","description":"A ragasztott biztons\u00e1gi \u00fcveg az egyetlen olyan anyag, amely megk\u00fcl\u00f6nb\u00f6ztethetetlen a norm\u00e1l \u00fcvegt\u0151l. Biztons\u00e1got ny\u00fajt vandalizmus, sz\u00e1nd\u00e9kos t\u00e1mad\u00e1s ellen.","robots":{"index":"index","follow":"follow","max-snippet":"max-snippet:-1","max-image-preview":"max-image-preview:large","max-video-preview":"max-video-preview:-1"},"canonical":"https:\/\/www.windowglass.sk\/hu\/velkoobchod\/biztonsagi-szemuveg\/","og_locale":"hu_HU","og_type":"article","og_title":"Biztons\u00e1gi szem\u00fcveg | WINDOW GLASS","og_description":"A ragasztott biztons\u00e1gi \u00fcveg az egyetlen olyan anyag, amely megk\u00fcl\u00f6nb\u00f6ztethetetlen a norm\u00e1l \u00fcvegt\u0151l. Biztons\u00e1got ny\u00fajt vandalizmus, sz\u00e1nd\u00e9kos t\u00e1mad\u00e1s ellen.","og_url":"https:\/\/www.windowglass.sk\/hu\/velkoobchod\/biztonsagi-szemuveg\/","og_site_name":"WINDOW GLASS","article_publisher":"https:\/\/www.facebook.com\/windowglasssro","og_image":[{"width":1526,"height":562,"url":"https:\/\/www.windowglass.sk\/wp-content\/uploads\/2024\/05\/low-angle-tall-building-with-many-windows-1-3.png","type":"image\/png"}],"twitter_card":"summary_large_image","twitter_misc":{"Becs\u00fclt olvas\u00e1si id\u0151":"3 perc"},"schema":{"@context":"https:\/\/schema.org","@graph":[{"@type":"WebPage","@id":"https:\/\/www.windowglass.sk\/hu\/velkoobchod\/biztonsagi-szemuveg\/","url":"https:\/\/www.windowglass.sk\/hu\/velkoobchod\/biztonsagi-szemuveg\/","name":"Biztons\u00e1gi szem\u00fcveg | WINDOW GLASS","isPartOf":{"@id":"https:\/\/www.windowglass.sk\/hu\/#website"},"primaryImageOfPage":{"@id":"https:\/\/www.windowglass.sk\/hu\/velkoobchod\/biztonsagi-szemuveg\/#primaryimage"},"image":{"@id":"https:\/\/www.windowglass.sk\/hu\/velkoobchod\/biztonsagi-szemuveg\/#primaryimage"},"thumbnailUrl":"https:\/\/www.windowglass.sk\/wp-content\/uploads\/2024\/05\/low-angle-tall-building-with-many-windows-1-3.png","datePublished":"2024-05-15T10:44:45+00:00","description":"A ragasztott biztons\u00e1gi \u00fcveg az egyetlen olyan anyag, amely megk\u00fcl\u00f6nb\u00f6ztethetetlen a norm\u00e1l \u00fcvegt\u0151l. Biztons\u00e1got ny\u00fajt vandalizmus, sz\u00e1nd\u00e9kos t\u00e1mad\u00e1s ellen.","breadcrumb":{"@id":"https:\/\/www.windowglass.sk\/hu\/velkoobchod\/biztonsagi-szemuveg\/#breadcrumb"},"inLanguage":"hu","potentialAction":[{"@type":"ReadAction","target":["https:\/\/www.windowglass.sk\/hu\/velkoobchod\/biztonsagi-szemuveg\/"]}]},{"@type":"ImageObject","inLanguage":"hu","@id":"https:\/\/www.windowglass.sk\/hu\/velkoobchod\/biztonsagi-szemuveg\/#primaryimage","url":"https:\/\/www.windowglass.sk\/wp-content\/uploads\/2024\/05\/low-angle-tall-building-with-many-windows-1-3.png","contentUrl":"https:\/\/www.windowglass.sk\/wp-content\/uploads\/2024\/05\/low-angle-tall-building-with-many-windows-1-3.png","width":1526,"height":562},{"@type":"BreadcrumbList","@id":"https:\/\/www.windowglass.sk\/hu\/velkoobchod\/biztonsagi-szemuveg\/#breadcrumb","itemListElement":[{"@type":"ListItem","position":1,"name":"Home","item":"https:\/\/www.windowglass.sk\/hu\/"},{"@type":"ListItem","position":2,"name":"Biztons\u00e1gi szem\u00fcveg"}]},{"@type":"WebSite","@id":"https:\/\/www.windowglass.sk\/hu\/#website","url":"https:\/\/www.windowglass.sk\/hu\/","name":"Windowglass","description":"","publisher":{"@id":"https:\/\/www.windowglass.sk\/hu\/#organization"},"potentialAction":[{"@type":"SearchAction","target":{"@type":"EntryPoint","urlTemplate":"https:\/\/www.windowglass.sk\/hu\/?s={search_term_string}"},"query-input":{"@type":"PropertyValueSpecification","valueRequired":true,"valueName":"search_term_string"}}],"inLanguage":"hu"},{"@type":"Organization","@id":"https:\/\/www.windowglass.sk\/hu\/#organization","name":"WINDOW GLASS, s.r.o.","url":"https:\/\/www.windowglass.sk\/hu\/","logo":{"@type":"ImageObject","inLanguage":"hu","@id":"https:\/\/www.windowglass.sk\/hu\/#\/schema\/logo\/image\/","url":"https:\/\/www.windowglass.sk\/wp-content\/uploads\/2024\/05\/fav.svg","contentUrl":"https:\/\/www.windowglass.sk\/wp-content\/uploads\/2024\/05\/fav.svg","width":77,"height":43,"caption":"WINDOW GLASS, s.r.o."},"image":{"@id":"https:\/\/www.windowglass.sk\/hu\/#\/schema\/logo\/image\/"},"sameAs":["https:\/\/www.facebook.com\/windowglasssro","https:\/\/www.linkedin.com\/company\/window-glass-s-r-o\/"]}]}},"_links":{"self":[{"href":"https:\/\/www.windowglass.sk\/hu\/wp-json\/wp\/v2\/wholesale\/1600"}],"collection":[{"href":"https:\/\/www.windowglass.sk\/hu\/wp-json\/wp\/v2\/wholesale"}],"about":[{"href":"https:\/\/www.windowglass.sk\/hu\/wp-json\/wp\/v2\/types\/wholesale"}],"wp:featuredmedia":[{"embeddable":true,"href":"https:\/\/www.windowglass.sk\/hu\/wp-json\/wp\/v2\/media\/957"}],"wp:attachment":[{"href":"https:\/\/www.windowglass.sk\/hu\/wp-json\/wp\/v2\/media?parent=1600"}],"curies":[{"name":"wp","href":"https:\/\/api.w.org\/{rel}","templated":true}]}}