{"id":1608,"date":"2024-05-16T08:38:34","date_gmt":"2024-05-16T08:38:34","guid":{"rendered":"https:\/\/www.windowglass.sk\/vyroba\/dekorativ-tukrok\/"},"modified":"2024-05-16T08:38:34","modified_gmt":"2024-05-16T08:38:34","slug":"dekorativ-tukrok","status":"publish","type":"production","link":"https:\/\/www.windowglass.sk\/hu\/vyroba\/dekorativ-tukrok\/","title":{"rendered":"Dekorat\u00edv t\u00fckr\u00f6k"},"content":{"rendered":"<p style=\"text-align: justify;\">A dekorat\u00edv t\u00fckr\u00f6k feldobj\u00e1k a lak\u00f3tereket, de a reprezentat\u00edv tereket, sz\u00e1llod\u00e1kat, bankokat, \u00e9ttermeket vagy irod\u00e1kat is.<br \/>\nA k\u00fcl\u00f6nb\u00f6z\u0151 m\u00e9retek \u00e9s form\u00e1k sz\u00e9les v\u00e1laszt\u00e9ka lehet\u0151v\u00e9 teszi, hogy megfelel\u0151en kieg\u00e9sz\u00edtse, kib\u0151v\u00edtse a teret.<br \/>\nA dekorat\u00edv t\u00fckr\u00f6k a megrendel\u0151 ig\u00e9nyei szerint vagy a sz\u00e9les tervez\u00e9si k\u00edn\u00e1latunk szerint k\u00e9sz\u00fclnek.  <\/p>\n<h3 data-pm-slice=\"0 0 []\"><strong>LED-es h\u00e1tt\u00e9rvil\u00e1g\u00edt\u00e1s\u00fa t\u00fckr\u00f6k<\/strong><\/h3>\n<p data-pm-slice=\"0 0 []\">Portf\u00f3li\u00f3nk \u00fajdons\u00e1gai a LED-es h\u00e1tt\u00e9rvil\u00e1g\u00edt\u00e1ssal ell\u00e1tott modern t\u00fckr\u00f6k, amelyek az eszt\u00e9tika \u00e9s a funkcionalit\u00e1s ide\u00e1lis kombin\u00e1ci\u00f3j\u00e1t k\u00e9pviselik.<br \/>\nA LED-es t\u00fckr\u00f6k modern diz\u00e1jnt \u00e9s praktikus megvil\u00e1g\u00edt\u00e1st hoznak a f\u00fcrd\u0151szob\u00e1kba, \u00f6lt\u00f6z\u0151kbe \u00e9s h\u00e1l\u00f3szob\u00e1kba.<br \/>\nA l\u00e1gy \u00e9s egyenletes h\u00e1tt\u00e9rvil\u00e1g\u00edt\u00e1s jav\u00edtja a l\u00e1that\u00f3s\u00e1got \u00e9s kellemes hangulatot teremt.<br \/>\nA helyis\u00e9g ig\u00e9nyeinek megfelel\u0151en v\u00e1laszthat\u00f3 a f\u00e9nyh\u0151m\u00e9rs\u00e9klet a h\u0171v\u00f6s \u00e9s a meleg k\u00f6z\u00f6tt.<br \/>\nA LED technol\u00f3gia energiatakar\u00e9kos, \u00edgy cs\u00f6kkenti az energiafogyaszt\u00e1st.<br \/>\nA t\u00fckr\u00f6k k\u00fcl\u00f6nb\u00f6z\u0151 form\u00e1kban \u00e9s m\u00e9retekben kaphat\u00f3k, a vev\u0151 ig\u00e9nyei szerint testre szabhat\u00f3ak.     <\/p>\n<h3 style=\"text-align: justify;\"><strong>\u00dcveg \u00e9s t\u00fck\u00f6r homokf\u00fav\u00e1ssal t\u00f6rt\u00e9n\u0151 fagyaszt\u00e1sa<\/strong><\/h3>\n<ul>\n<li style=\"text-align: justify;\">\u00dcveg \u00e9s t\u00fck\u00f6r homokf\u00fav\u00e1sa.<\/li>\n<li style=\"text-align: justify;\">Homokf\u00fav\u00e1si mint\u00e1k sz\u00e9les v\u00e1laszt\u00e9ka.<\/li>\n<li style=\"text-align: justify;\">Homokf\u00fav\u00e1s lehet\u0151s\u00e9ge az \u00fcgyf\u00e9l k\u00fcl\u00f6nleges ig\u00e9nyei szerint.<\/li>\n<\/ul>\n","protected":false},"featured_media":1031,"template":"","meta":{"_acf_changed":false,"inline_featured_image":false},"production-type":[3],"class_list":["post-1608","production","type-production","status-publish","has-post-thumbnail","hentry","production-type-opracovanie-skiel"],"acf":[],"yoast_head":"<!-- This site is optimized with the Yoast SEO plugin v25.0 - https:\/\/yoast.com\/wordpress\/plugins\/seo\/ -->\n<title>Dekorat\u00edv t\u00fckr\u00f6k | WINDOW GLASS<\/title>\n<meta name=\"description\" content=\"A dekorat\u00edv t\u00fckr\u00f6k feldobj\u00e1k a lak\u00f3tereket, de a reprezentat\u00edv tereket \u00e9s az irod\u00e1kat is. A dekorat\u00edv t\u00fckr\u00f6k a megrendel\u0151 ig\u00e9nyei szerint k\u00e9sz\u00fclnek.\" \/>\n<meta name=\"robots\" content=\"index, follow, max-snippet:-1, max-image-preview:large, max-video-preview:-1\" \/>\n<link rel=\"canonical\" href=\"https:\/\/www.windowglass.sk\/hu\/vyroba\/dekorativ-tukrok\/\" \/>\n<meta property=\"og:locale\" content=\"hu_HU\" \/>\n<meta property=\"og:type\" content=\"article\" \/>\n<meta property=\"og:title\" content=\"Dekorat\u00edv t\u00fckr\u00f6k | WINDOW GLASS\" \/>\n<meta property=\"og:description\" content=\"A dekorat\u00edv t\u00fckr\u00f6k feldobj\u00e1k a lak\u00f3tereket, de a reprezentat\u00edv tereket \u00e9s az irod\u00e1kat is. A dekorat\u00edv t\u00fckr\u00f6k a megrendel\u0151 ig\u00e9nyei szerint k\u00e9sz\u00fclnek.\" \/>\n<meta property=\"og:url\" content=\"https:\/\/www.windowglass.sk\/hu\/vyroba\/dekorativ-tukrok\/\" \/>\n<meta property=\"og:site_name\" content=\"WINDOW GLASS\" \/>\n<meta property=\"article:publisher\" content=\"https:\/\/www.facebook.com\/windowglasssro\" \/>\n<meta property=\"og:image\" content=\"https:\/\/www.windowglass.sk\/wp-content\/uploads\/2024\/05\/Dizajn-bez-nazvu-11-1.png\" \/>\n\t<meta property=\"og:image:width\" content=\"776\" \/>\n\t<meta property=\"og:image:height\" content=\"188\" \/>\n\t<meta property=\"og:image:type\" content=\"image\/png\" \/>\n<meta name=\"twitter:card\" content=\"summary_large_image\" \/>\n<meta name=\"twitter:label1\" content=\"Becs\u00fclt olvas\u00e1si id\u0151\" \/>\n\t<meta name=\"twitter:data1\" content=\"1 perc\" \/>\n<script type=\"application\/ld+json\" class=\"yoast-schema-graph\">{\"@context\":\"https:\/\/schema.org\",\"@graph\":[{\"@type\":\"WebPage\",\"@id\":\"https:\/\/www.windowglass.sk\/hu\/vyroba\/dekorativ-tukrok\/\",\"url\":\"https:\/\/www.windowglass.sk\/hu\/vyroba\/dekorativ-tukrok\/\",\"name\":\"Dekorat\u00edv t\u00fckr\u00f6k | WINDOW GLASS\",\"isPartOf\":{\"@id\":\"https:\/\/www.windowglass.sk\/hu\/#website\"},\"primaryImageOfPage\":{\"@id\":\"https:\/\/www.windowglass.sk\/hu\/vyroba\/dekorativ-tukrok\/#primaryimage\"},\"image\":{\"@id\":\"https:\/\/www.windowglass.sk\/hu\/vyroba\/dekorativ-tukrok\/#primaryimage\"},\"thumbnailUrl\":\"https:\/\/www.windowglass.sk\/wp-content\/uploads\/2024\/05\/Dizajn-bez-nazvu-11-1.png\",\"datePublished\":\"2024-05-16T08:38:34+00:00\",\"description\":\"A dekorat\u00edv t\u00fckr\u00f6k feldobj\u00e1k a lak\u00f3tereket, de a reprezentat\u00edv tereket \u00e9s az irod\u00e1kat is. A dekorat\u00edv t\u00fckr\u00f6k a megrendel\u0151 ig\u00e9nyei szerint k\u00e9sz\u00fclnek.\",\"breadcrumb\":{\"@id\":\"https:\/\/www.windowglass.sk\/hu\/vyroba\/dekorativ-tukrok\/#breadcrumb\"},\"inLanguage\":\"hu\",\"potentialAction\":[{\"@type\":\"ReadAction\",\"target\":[\"https:\/\/www.windowglass.sk\/hu\/vyroba\/dekorativ-tukrok\/\"]}]},{\"@type\":\"ImageObject\",\"inLanguage\":\"hu\",\"@id\":\"https:\/\/www.windowglass.sk\/hu\/vyroba\/dekorativ-tukrok\/#primaryimage\",\"url\":\"https:\/\/www.windowglass.sk\/wp-content\/uploads\/2024\/05\/Dizajn-bez-nazvu-11-1.png\",\"contentUrl\":\"https:\/\/www.windowglass.sk\/wp-content\/uploads\/2024\/05\/Dizajn-bez-nazvu-11-1.png\",\"width\":776,\"height\":188},{\"@type\":\"BreadcrumbList\",\"@id\":\"https:\/\/www.windowglass.sk\/hu\/vyroba\/dekorativ-tukrok\/#breadcrumb\",\"itemListElement\":[{\"@type\":\"ListItem\",\"position\":1,\"name\":\"Home\",\"item\":\"https:\/\/www.windowglass.sk\/hu\/\"},{\"@type\":\"ListItem\",\"position\":2,\"name\":\"Dekorat\u00edv t\u00fckr\u00f6k\"}]},{\"@type\":\"WebSite\",\"@id\":\"https:\/\/www.windowglass.sk\/hu\/#website\",\"url\":\"https:\/\/www.windowglass.sk\/hu\/\",\"name\":\"Windowglass\",\"description\":\"\",\"publisher\":{\"@id\":\"https:\/\/www.windowglass.sk\/hu\/#organization\"},\"potentialAction\":[{\"@type\":\"SearchAction\",\"target\":{\"@type\":\"EntryPoint\",\"urlTemplate\":\"https:\/\/www.windowglass.sk\/hu\/?s={search_term_string}\"},\"query-input\":{\"@type\":\"PropertyValueSpecification\",\"valueRequired\":true,\"valueName\":\"search_term_string\"}}],\"inLanguage\":\"hu\"},{\"@type\":\"Organization\",\"@id\":\"https:\/\/www.windowglass.sk\/hu\/#organization\",\"name\":\"WINDOW GLASS, s.r.o.\",\"url\":\"https:\/\/www.windowglass.sk\/hu\/\",\"logo\":{\"@type\":\"ImageObject\",\"inLanguage\":\"hu\",\"@id\":\"https:\/\/www.windowglass.sk\/hu\/#\/schema\/logo\/image\/\",\"url\":\"https:\/\/www.windowglass.sk\/wp-content\/uploads\/2024\/05\/fav.svg\",\"contentUrl\":\"https:\/\/www.windowglass.sk\/wp-content\/uploads\/2024\/05\/fav.svg\",\"width\":77,\"height\":43,\"caption\":\"WINDOW GLASS, s.r.o.\"},\"image\":{\"@id\":\"https:\/\/www.windowglass.sk\/hu\/#\/schema\/logo\/image\/\"},\"sameAs\":[\"https:\/\/www.facebook.com\/windowglasssro\",\"https:\/\/www.linkedin.com\/company\/window-glass-s-r-o\/\"]}]}<\/script>\n<!-- \/ Yoast SEO plugin. -->","yoast_head_json":{"title":"Dekorat\u00edv t\u00fckr\u00f6k | WINDOW GLASS","description":"A dekorat\u00edv t\u00fckr\u00f6k feldobj\u00e1k a lak\u00f3tereket, de a reprezentat\u00edv tereket \u00e9s az irod\u00e1kat is. A dekorat\u00edv t\u00fckr\u00f6k a megrendel\u0151 ig\u00e9nyei szerint k\u00e9sz\u00fclnek.","robots":{"index":"index","follow":"follow","max-snippet":"max-snippet:-1","max-image-preview":"max-image-preview:large","max-video-preview":"max-video-preview:-1"},"canonical":"https:\/\/www.windowglass.sk\/hu\/vyroba\/dekorativ-tukrok\/","og_locale":"hu_HU","og_type":"article","og_title":"Dekorat\u00edv t\u00fckr\u00f6k | WINDOW GLASS","og_description":"A dekorat\u00edv t\u00fckr\u00f6k feldobj\u00e1k a lak\u00f3tereket, de a reprezentat\u00edv tereket \u00e9s az irod\u00e1kat is. A dekorat\u00edv t\u00fckr\u00f6k a megrendel\u0151 ig\u00e9nyei szerint k\u00e9sz\u00fclnek.","og_url":"https:\/\/www.windowglass.sk\/hu\/vyroba\/dekorativ-tukrok\/","og_site_name":"WINDOW GLASS","article_publisher":"https:\/\/www.facebook.com\/windowglasssro","og_image":[{"width":776,"height":188,"url":"https:\/\/www.windowglass.sk\/wp-content\/uploads\/2024\/05\/Dizajn-bez-nazvu-11-1.png","type":"image\/png"}],"twitter_card":"summary_large_image","twitter_misc":{"Becs\u00fclt olvas\u00e1si id\u0151":"1 perc"},"schema":{"@context":"https:\/\/schema.org","@graph":[{"@type":"WebPage","@id":"https:\/\/www.windowglass.sk\/hu\/vyroba\/dekorativ-tukrok\/","url":"https:\/\/www.windowglass.sk\/hu\/vyroba\/dekorativ-tukrok\/","name":"Dekorat\u00edv t\u00fckr\u00f6k | WINDOW GLASS","isPartOf":{"@id":"https:\/\/www.windowglass.sk\/hu\/#website"},"primaryImageOfPage":{"@id":"https:\/\/www.windowglass.sk\/hu\/vyroba\/dekorativ-tukrok\/#primaryimage"},"image":{"@id":"https:\/\/www.windowglass.sk\/hu\/vyroba\/dekorativ-tukrok\/#primaryimage"},"thumbnailUrl":"https:\/\/www.windowglass.sk\/wp-content\/uploads\/2024\/05\/Dizajn-bez-nazvu-11-1.png","datePublished":"2024-05-16T08:38:34+00:00","description":"A dekorat\u00edv t\u00fckr\u00f6k feldobj\u00e1k a lak\u00f3tereket, de a reprezentat\u00edv tereket \u00e9s az irod\u00e1kat is. A dekorat\u00edv t\u00fckr\u00f6k a megrendel\u0151 ig\u00e9nyei szerint k\u00e9sz\u00fclnek.","breadcrumb":{"@id":"https:\/\/www.windowglass.sk\/hu\/vyroba\/dekorativ-tukrok\/#breadcrumb"},"inLanguage":"hu","potentialAction":[{"@type":"ReadAction","target":["https:\/\/www.windowglass.sk\/hu\/vyroba\/dekorativ-tukrok\/"]}]},{"@type":"ImageObject","inLanguage":"hu","@id":"https:\/\/www.windowglass.sk\/hu\/vyroba\/dekorativ-tukrok\/#primaryimage","url":"https:\/\/www.windowglass.sk\/wp-content\/uploads\/2024\/05\/Dizajn-bez-nazvu-11-1.png","contentUrl":"https:\/\/www.windowglass.sk\/wp-content\/uploads\/2024\/05\/Dizajn-bez-nazvu-11-1.png","width":776,"height":188},{"@type":"BreadcrumbList","@id":"https:\/\/www.windowglass.sk\/hu\/vyroba\/dekorativ-tukrok\/#breadcrumb","itemListElement":[{"@type":"ListItem","position":1,"name":"Home","item":"https:\/\/www.windowglass.sk\/hu\/"},{"@type":"ListItem","position":2,"name":"Dekorat\u00edv t\u00fckr\u00f6k"}]},{"@type":"WebSite","@id":"https:\/\/www.windowglass.sk\/hu\/#website","url":"https:\/\/www.windowglass.sk\/hu\/","name":"Windowglass","description":"","publisher":{"@id":"https:\/\/www.windowglass.sk\/hu\/#organization"},"potentialAction":[{"@type":"SearchAction","target":{"@type":"EntryPoint","urlTemplate":"https:\/\/www.windowglass.sk\/hu\/?s={search_term_string}"},"query-input":{"@type":"PropertyValueSpecification","valueRequired":true,"valueName":"search_term_string"}}],"inLanguage":"hu"},{"@type":"Organization","@id":"https:\/\/www.windowglass.sk\/hu\/#organization","name":"WINDOW GLASS, s.r.o.","url":"https:\/\/www.windowglass.sk\/hu\/","logo":{"@type":"ImageObject","inLanguage":"hu","@id":"https:\/\/www.windowglass.sk\/hu\/#\/schema\/logo\/image\/","url":"https:\/\/www.windowglass.sk\/wp-content\/uploads\/2024\/05\/fav.svg","contentUrl":"https:\/\/www.windowglass.sk\/wp-content\/uploads\/2024\/05\/fav.svg","width":77,"height":43,"caption":"WINDOW GLASS, s.r.o."},"image":{"@id":"https:\/\/www.windowglass.sk\/hu\/#\/schema\/logo\/image\/"},"sameAs":["https:\/\/www.facebook.com\/windowglasssro","https:\/\/www.linkedin.com\/company\/window-glass-s-r-o\/"]}]}},"_links":{"self":[{"href":"https:\/\/www.windowglass.sk\/hu\/wp-json\/wp\/v2\/production\/1608"}],"collection":[{"href":"https:\/\/www.windowglass.sk\/hu\/wp-json\/wp\/v2\/production"}],"about":[{"href":"https:\/\/www.windowglass.sk\/hu\/wp-json\/wp\/v2\/types\/production"}],"wp:featuredmedia":[{"embeddable":true,"href":"https:\/\/www.windowglass.sk\/hu\/wp-json\/wp\/v2\/media\/1031"}],"wp:attachment":[{"href":"https:\/\/www.windowglass.sk\/hu\/wp-json\/wp\/v2\/media?parent=1608"}],"wp:term":[{"taxonomy":"production-type","embeddable":true,"href":"https:\/\/www.windowglass.sk\/hu\/wp-json\/wp\/v2\/production-type?post=1608"}],"curies":[{"name":"wp","href":"https:\/\/api.w.org\/{rel}","templated":true}]}}